{"id":3245,"date":"2021-06-21T11:42:27","date_gmt":"2021-06-21T11:42:27","guid":{"rendered":"https:\/\/dataprotectionsolutions.hu\/?page_id=3245"},"modified":"2021-07-20T08:15:38","modified_gmt":"2021-07-20T08:15:38","slug":"milyen-kovetkezmenyekkel-jar-ha-megsertem-a-gdpr-t","status":"publish","type":"page","link":"https:\/\/dataprotectionsolutions.hu\/en\/milyen-kovetkezmenyekkel-jar-ha-megsertem-a-gdpr-t\/","title":{"rendered":"Milyen k\u00f6vetkezm\u00e9nyekkel j\u00e1r, ha megs\u00e9rtem a GDPR-t?"},"content":{"rendered":"<div data-elementor-type=\"wp-page\" data-elementor-id=\"3245\" class=\"elementor elementor-3245\">\n\t\t\t\t\t\t<section class=\"elementor-section elementor-top-section elementor-element elementor-element-3ab95940 elementor-section-height-full elementor-section-boxed elementor-section-height-default elementor-section-items-middle\" data-id=\"3ab95940\" data-element_type=\"section\" data-e-type=\"section\" data-settings=\"{&quot;background_background&quot;:&quot;classic&quot;}\">\n\t\t\t\t\t\t\t<div class=\"elementor-background-overlay\"><\/div>\n\t\t\t\t\t\t\t<div class=\"elementor-container elementor-column-gap-no\">\n\t\t\t\t\t<div class=\"elementor-column elementor-col-100 elementor-top-column elementor-element elementor-element-502b0b26\" data-id=\"502b0b26\" data-element_type=\"column\" data-e-type=\"column\">\n\t\t\t<div class=\"elementor-widget-wrap elementor-element-populated\">\n\t\t\t\t\t\t<div class=\"elementor-element elementor-element-176d2d53 elementor-widget elementor-widget-heading\" data-id=\"176d2d53\" data-element_type=\"widget\" data-e-type=\"widget\" data-widget_type=\"heading.default\">\n\t\t\t\t<div class=\"elementor-widget-container\">\n\t\t\t\t\t<h1 class=\"elementor-heading-title elementor-size-xxl\">Milyen k\u00f6vetkezm\u00e9nyekkel j\u00e1r, ha megs\u00e9rtem a GDPR-t?<\/h1>\t\t\t\t<\/div>\n\t\t\t\t<\/div>\n\t\t\t\t\t<\/div>\n\t\t<\/div>\n\t\t\t\t\t<\/div>\n\t\t<\/section>\n\t\t\t\t<section class=\"elementor-section elementor-top-section elementor-element elementor-element-83c9689 elementor-section-boxed elementor-section-height-default elementor-section-height-default\" data-id=\"83c9689\" data-element_type=\"section\" data-e-type=\"section\">\n\t\t\t\t\t\t<div class=\"elementor-container elementor-column-gap-default\">\n\t\t\t\t\t<div class=\"elementor-column elementor-col-100 elementor-top-column elementor-element elementor-element-14d4f34\" data-id=\"14d4f34\" data-element_type=\"column\" data-e-type=\"column\">\n\t\t\t<div class=\"elementor-widget-wrap elementor-element-populated\">\n\t\t\t\t\t\t<div class=\"elementor-element elementor-element-8b975c3 elementor-widget elementor-widget-spacer\" data-id=\"8b975c3\" data-element_type=\"widget\" data-e-type=\"widget\" data-widget_type=\"spacer.default\">\n\t\t\t\t<div class=\"elementor-widget-container\">\n\t\t\t\t\t\t\t<div class=\"elementor-spacer\">\n\t\t\t<div class=\"elementor-spacer-inner\"><\/div>\n\t\t<\/div>\n\t\t\t\t\t\t<\/div>\n\t\t\t\t<\/div>\n\t\t\t\t\t<\/div>\n\t\t<\/div>\n\t\t\t\t\t<\/div>\n\t\t<\/section>\n\t\t\t\t<section class=\"elementor-section elementor-top-section elementor-element elementor-element-7a041fc elementor-section-boxed elementor-section-height-default elementor-section-height-default\" data-id=\"7a041fc\" data-element_type=\"section\" data-e-type=\"section\">\n\t\t\t\t\t\t<div class=\"elementor-container elementor-column-gap-default\">\n\t\t\t\t\t<div class=\"elementor-column elementor-col-100 elementor-top-column elementor-element elementor-element-a3a142a\" data-id=\"a3a142a\" data-element_type=\"column\" data-e-type=\"column\">\n\t\t\t<div class=\"elementor-widget-wrap elementor-element-populated\">\n\t\t\t\t\t\t<div class=\"elementor-element elementor-element-f68c3a5 elementor-widget elementor-widget-text-editor\" data-id=\"f68c3a5\" data-element_type=\"widget\" data-e-type=\"widget\" data-widget_type=\"text-editor.default\">\n\t\t\t\t<div class=\"elementor-widget-container\">\n\t\t\t\t\t\t\t\t\t<p><span style=\"font-weight: 400;\">A <\/span><a href=\"https:\/\/eur-lex.europa.eu\/legal-content\/HU\/TXT\/HTML\/?uri=CELEX:32016R0679#d1e6048-1-1\"><span style=\"font-weight: 400;\">GDPR<\/span><\/a><span style=\"font-weight: 400;\">, vagyis az Eur\u00f3pai Uni\u00f3 \u00c1ltal\u00e1nos Adatv\u00e9delmi Rendelete a kor\u00e1bbiakhoz k\u00e9pest l\u00e9nyegesen szigor\u00fabb szab\u00e1lyokat hozott az adatv\u00e9delmi el\u0151\u00edr\u00e1sok betartat\u00e1s\u00e1t illet\u0151en. Egyfel\u0151l er\u0151s\u00edtette a nemzeti adatv\u00e9delmi hat\u00f3s\u00e1gok szerep\u00e9t. Ez Magyarorsz\u00e1gon a <\/span><a href=\"https:\/\/edpb.europa.eu\/edpb_en\"><span style=\"font-weight: 400;\">Nemzeti Adatv\u00e9delmi \u00e9s Inform\u00e1ci\u00f3szabads\u00e1g Hat\u00f3s\u00e1g<\/span><\/a><span style=\"font-weight: 400;\">, vagy r\u00f6viden NAIH. M\u00e1sfel\u0151l pedig a jogalkot\u00f3 egys\u00e9gesen magas k\u00f6zigazgat\u00e1si b\u00edrs\u00e1gokat helyezett kil\u00e1t\u00e1sba a GDPR megs\u00e9rt\u00e9s\u00e9nek eset\u00e9re.<\/span><\/p><p>\u00a0<\/p><p style=\"text-align: center;\"><strong><span style=\"color: #000080;\">Mennyi az annyi, vagyis mekkora b\u00edrs\u00e1gra sz\u00e1m\u00edthatok, ha nem tartom be a GDPR el\u0151\u00edr\u00e1sait?<\/span><\/strong><\/p><p>\u00a0<\/p><p><span style=\"font-weight: 400;\">A GDPR igen komoly szankci\u00f3kkal dolgozik, ami term\u00e9szetes abb\u00f3l fakad, hogy Eur\u00f3p\u00e1ban is m\u0171k\u00f6dnek olyan glob\u00e1lis \u00f3ri\u00e1s v\u00e1llalkoz\u00e1sok, amelyek tev\u00e9kenys\u00e9ge rendk\u00edv\u00fcl szem\u00e9lyes adat intenz\u00edv. Az \u0151 jogellenes magatart\u00e1sukkal szemben pedig csak a kiemelten magas szankci\u00f3k jelenthetnek val\u00f3di visszatart\u00f3 er\u0151t.<\/span><\/p><p><span style=\"font-weight: 400;\">Ennek megfelel\u0151en a GDPR enyh\u00e9bb jelleg\u0171 megs\u00e9rt\u00e9se eset\u00e9n az adatkezel\u0151 legfeljebb 10 000 000 eur\u00f3 (azaz nagyj\u00e1b\u00f3l 3,6 milli\u00e1rd forintot jelent), s\u00falyosabb jogs\u00e9rt\u00e9s eset\u00e9n pedig ak\u00e1r 20 000 000 eur\u00f3 (cirka 7,2 milli\u00e1rd forint) k\u00f6zigazgat\u00e1si b\u00edrs\u00e1gra is sz\u00e1m\u00edthat.<\/span><\/p><p><span style=\"font-weight: 400;\">Term\u00e9szetesen egy kev\u00e9s szem\u00e9lyes adattal dolgoz\u00f3 magyar adatkezel\u0151 jogs\u00e9rt\u00e9se eset\u00e9n ezeknek az \u00f6sszegeknek csak a t\u00f6red\u00e9k\u00e9vel kell sz\u00e1molni. A GDPR alkalmaz\u00e1si k\u00f6telezetts\u00e9g\u00e9nek kezdete, azaz 2018. m\u00e1jus 25-e \u00e9s 2020 v\u00e9ge k\u00f6z\u00f6tt a NAIH \u00f6sszesen 309 800 000 forint k\u00f6zigazgat\u00e1si b\u00edrs\u00e1got szabott ki, a b\u00edrs\u00e1gok \u00e1tlaga pedig 5 967 692 forint volt.<\/span><\/p><p>\u00a0<\/p><p style=\"text-align: center;\"><strong><span style=\"color: #000080;\">N\u00e9zz\u00fcnk n\u00e9h\u00e1ny p\u00e9ld\u00e1t!<\/span><\/strong><\/p><p>\u00a0<\/p><p><span style=\"font-weight: 400;\">A NAIH egy friss d\u00f6nt\u00e9se alapj\u00e1n 500 000 forint b\u00edrs\u00e1ggal s\u00fajtott egy <\/span><a href=\"https:\/\/naih.hu\/hatarozatok-vegzesek?download=381:diszpecseri-munkakort-betolto-munkavallaloval-folytatott-telefonhivas-rogzitese\"><span style=\"font-weight: 400;\">c\u00e9get<\/span><\/a><span style=\"font-weight: 400;\">, az\u00e9rt mert az az \u00e9rintett hozz\u00e1j\u00e1rul\u00e1sa \u00e9s t\u00e1j\u00e9koztat\u00e1sa n\u00e9lk\u00fcl felvette a vele (mint kor\u00e1bbi munkav\u00e1llal\u00f3j\u00e1val) folytatott besz\u00e9lget\u00e9st \u00e9s azt egy m\u00e1sik c\u00e9gnek tov\u00e1bb\u00edtotta. L\u00e1that\u00f3 teh\u00e1t, hogy ak\u00e1r egy egyszeri jogellenes adatkezel\u00e9s is komoly p\u00e9nz\u00fcgyi k\u00f6vetkezm\u00e9nyekkel j\u00e1rhat.<\/span><\/p><p><span style=\"font-weight: 400;\">Hasonl\u00f3an 500 000 forinttal b\u00edrs\u00e1golt meg a hat\u00f3s\u00e1g egy <\/span><a href=\"https:\/\/naih.hu\/hatarozatok-vegzesek?download=380:kamerak-uzemeltetese-idosek-otthonaban\"><span style=\"font-weight: 400;\">id\u0151sotthont<\/span><\/a><span style=\"font-weight: 400;\">, ahol kamerarendszer m\u0171k\u00f6d\u00f6tt, azonban az id\u0151sotthon olyan helyis\u00e9gben is elhelyezett kamer\u00e1kat, amelyek nem voltak al\u00e1rendelhet\u0151nek a megnevezett adatkezel\u00e9si c\u00e9loknak.<\/span><\/p><p>\u00a0<\/p><p style=\"text-align: center;\"><strong><span style=\"color: #000080;\">Ne b\u00edzza a v\u00e9letlenre!<\/span><\/strong><\/p><p>\u00a0<\/p><p><span style=\"font-weight: 400;\">Vegye ig\u00e9nybe szak\u00e9rt\u0151k seg\u00edts\u00e9g\u00e9t annak \u00e9rdek\u00e9ben, hogy saj\u00e1tos ig\u00e9nyeihez \u00e9s elv\u00e1r\u00e1saihoz igazod\u00f3 \u00e9s egyben jogszer\u0171 legyen szem\u00e9lyes adatok kezel\u00e9s\u00e9hez kapcsol\u00f3d\u00f3 tev\u00e9kenys\u00e9ge. A Data Protection Solutions csapata seg\u00edt megtal\u00e1lni az \u00d6n c\u00e9ljai el\u00e9r\u00e9s\u00e9hez sz\u00fcks\u00e9ges megfelel\u0151 adatv\u00e9delmi megold\u00e1sokat, mindezt pedig az esetleges k\u00f6zigazgat\u00e1si b\u00edrs\u00e1gok \u00f6sszeg\u00e9nek t\u00f6red\u00e9k\u00e9\u00e9rt.<\/span><\/p><p><span style=\"font-weight: 400;\">info@dataprotectionsolutions.hu<\/span><\/p><p style=\"text-align: right;\"><em><span style=\"font-weight: 400; color: #000080;\">Data Protection Solutions csapata<\/span><\/em><\/p>\t\t\t\t\t\t\t\t<\/div>\n\t\t\t\t<\/div>\n\t\t\t\t\t<\/div>\n\t\t<\/div>\n\t\t\t\t\t<\/div>\n\t\t<\/section>\n\t\t\t\t<section class=\"elementor-section elementor-top-section elementor-element elementor-element-e678439 elementor-section-boxed elementor-section-height-default elementor-section-height-default\" data-id=\"e678439\" data-element_type=\"section\" data-e-type=\"section\">\n\t\t\t\t\t\t<div class=\"elementor-container elementor-column-gap-default\">\n\t\t\t\t\t<div class=\"elementor-column elementor-col-100 elementor-top-column elementor-element elementor-element-6484ad2\" data-id=\"6484ad2\" data-element_type=\"column\" data-e-type=\"column\">\n\t\t\t<div class=\"elementor-widget-wrap elementor-element-populated\">\n\t\t\t\t\t\t<div class=\"elementor-element elementor-element-9b90e63 elementor-align-center elementor-widget elementor-widget-button\" data-id=\"9b90e63\" data-element_type=\"widget\" data-e-type=\"widget\" data-widget_type=\"button.default\">\n\t\t\t\t<div class=\"elementor-widget-container\">\n\t\t\t\t\t\t\t\t\t<div class=\"elementor-button-wrapper\">\n\t\t\t\t\t<a class=\"elementor-button elementor-button-link elementor-size-sm\" href=\"https:\/\/dataprotectionsolutions.hu\/en\/kapcsolat\/\">\n\t\t\t\t\t\t<span class=\"elementor-button-content-wrapper\">\n\t\t\t\t\t\t\t\t\t<span class=\"elementor-button-text\">Kapcsolatfelv\u00e9tel<\/span>\n\t\t\t\t\t<\/span>\n\t\t\t\t\t<\/a>\n\t\t\t\t<\/div>\n\t\t\t\t\t\t\t\t<\/div>\n\t\t\t\t<\/div>\n\t\t\t\t\t<\/div>\n\t\t<\/div>\n\t\t\t\t\t<\/div>\n\t\t<\/section>\n\t\t\t\t<section class=\"elementor-section elementor-top-section elementor-element elementor-element-5dd9dbc elementor-section-boxed elementor-section-height-default elementor-section-height-default\" data-id=\"5dd9dbc\" data-element_type=\"section\" data-e-type=\"section\">\n\t\t\t\t\t\t<div class=\"elementor-container elementor-column-gap-default\">\n\t\t\t\t\t<div class=\"elementor-column elementor-col-100 elementor-top-column elementor-element elementor-element-d9d6415\" data-id=\"d9d6415\" data-element_type=\"column\" data-e-type=\"column\">\n\t\t\t<div class=\"elementor-widget-wrap elementor-element-populated\">\n\t\t\t\t\t\t<div class=\"elementor-element elementor-element-3ddead7 elementor-widget elementor-widget-spacer\" data-id=\"3ddead7\" data-element_type=\"widget\" data-e-type=\"widget\" data-widget_type=\"spacer.default\">\n\t\t\t\t<div class=\"elementor-widget-container\">\n\t\t\t\t\t\t\t<div class=\"elementor-spacer\">\n\t\t\t<div class=\"elementor-spacer-inner\"><\/div>\n\t\t<\/div>\n\t\t\t\t\t\t<\/div>\n\t\t\t\t<\/div>\n\t\t\t\t\t<\/div>\n\t\t<\/div>\n\t\t\t\t\t<\/div>\n\t\t<\/section>\n\t\t\t\t<\/div>","protected":false},"excerpt":{"rendered":"<p>Milyen k\u00f6vetkezm\u00e9nyekkel j\u00e1r, ha megs\u00e9rtem a GDPR-t? A GDPR, vagyis az Eur\u00f3pai Uni\u00f3 \u00c1ltal\u00e1nos Adatv\u00e9delmi Rendelete a kor\u00e1bbiakhoz k\u00e9pest l\u00e9nyegesen szigor\u00fabb szab\u00e1lyokat hozott az adatv\u00e9delmi el\u0151\u00edr\u00e1sok betartat\u00e1s\u00e1t illet\u0151en. Egyfel\u0151l er\u0151s\u00edtette a nemzeti adatv\u00e9delmi hat\u00f3s\u00e1gok szerep\u00e9t. Ez Magyarorsz\u00e1gon a Nemzeti Adatv\u00e9delmi \u00e9s Inform\u00e1ci\u00f3szabads\u00e1g Hat\u00f3s\u00e1g, vagy r\u00f6viden NAIH. M\u00e1sfel\u0151l pedig a jogalkot\u00f3 egys\u00e9gesen magas k\u00f6zigazgat\u00e1si b\u00edrs\u00e1gokat helyezett [&hellip;]<\/p>\n","protected":false},"author":1,"featured_media":0,"parent":0,"menu_order":0,"comment_status":"closed","ping_status":"closed","template":"","meta":{"site-sidebar-layout":"no-sidebar","site-content-layout":"page-builder","ast-site-content-layout":"default","site-content-style":"default","site-sidebar-style":"default","ast-global-header-display":"","ast-banner-title-visibility":"","ast-main-header-display":"","ast-hfb-above-header-display":"","ast-hfb-below-header-display":"","ast-hfb-mobile-header-display":"","site-post-title":"disabled","ast-breadcrumbs-content":"","ast-featured-img":"disabled","footer-sml-layout":"","ast-disable-related-posts":"","theme-transparent-header-meta":"default","adv-header-id-meta":"","stick-header-meta":"","header-above-stick-meta":"","header-main-stick-meta":"","header-below-stick-meta":"","astra-migrate-meta-layouts":"default","ast-page-background-enabled":"default","ast-page-background-meta":{"desktop":{"background-color":"var(--ast-global-color-4)","background-image":"","background-repeat":"repeat","background-position":"center center","background-size":"auto","background-attachment":"scroll","background-type":"","background-media":"","overlay-type":"","overlay-color":"","overlay-opacity":"","overlay-gradient":""},"tablet":{"background-color":"","background-image":"","background-repeat":"repeat","background-position":"center center","background-size":"auto","background-attachment":"scroll","background-type":"","background-media":"","overlay-type":"","overlay-color":"","overlay-opacity":"","overlay-gradient":""},"mobile":{"background-color":"","background-image":"","background-repeat":"repeat","background-position":"center center","background-size":"auto","background-attachment":"scroll","background-type":"","background-media":"","overlay-type":"","overlay-color":"","overlay-opacity":"","overlay-gradient":""}},"ast-content-background-meta":{"desktop":{"background-color":"var(--ast-global-color-5)","background-image":"","background-repeat":"repeat","background-position":"center center","background-size":"auto","background-attachment":"scroll","background-type":"","background-media":"","overlay-type":"","overlay-color":"","overlay-opacity":"","overlay-gradient":""},"tablet":{"background-color":"var(--ast-global-color-5)","background-image":"","background-repeat":"repeat","background-position":"center center","background-size":"auto","background-attachment":"scroll","background-type":"","background-media":"","overlay-type":"","overlay-color":"","overlay-opacity":"","overlay-gradient":""},"mobile":{"background-color":"var(--ast-global-color-5)","background-image":"","background-repeat":"repeat","background-position":"center center","background-size":"auto","background-attachment":"scroll","background-type":"","background-media":"","overlay-type":"","overlay-color":"","overlay-opacity":"","overlay-gradient":""}},"footnotes":""},"class_list":["post-3245","page","type-page","status-publish","hentry"],"yoast_head":"<!-- This site is optimized with the Yoast SEO plugin v27.5 - https:\/\/yoast.com\/product\/yoast-seo-wordpress\/ -->\n<title>Milyen k\u00f6vetkezm\u00e9nyekkel j\u00e1r, ha megs\u00e9rtem a GDPR-t? &#8212; Data Protection Solutions<\/title>\n<meta name=\"robots\" content=\"index, follow, max-snippet:-1, max-image-preview:large, max-video-preview:-1\" \/>\n<link rel=\"canonical\" href=\"https:\/\/dataprotectionsolutions.hu\/en\/milyen-kovetkezmenyekkel-jar-ha-megsertem-a-gdpr-t\/\" \/>\n<meta property=\"og:locale\" content=\"en_US\" \/>\n<meta property=\"og:type\" content=\"article\" \/>\n<meta property=\"og:title\" content=\"Milyen k\u00f6vetkezm\u00e9nyekkel j\u00e1r, ha megs\u00e9rtem a GDPR-t? &#8212; Data Protection Solutions\" \/>\n<meta property=\"og:description\" content=\"Milyen k\u00f6vetkezm\u00e9nyekkel j\u00e1r, ha megs\u00e9rtem a GDPR-t? A GDPR, vagyis az Eur\u00f3pai Uni\u00f3 \u00c1ltal\u00e1nos Adatv\u00e9delmi Rendelete a kor\u00e1bbiakhoz k\u00e9pest l\u00e9nyegesen szigor\u00fabb szab\u00e1lyokat hozott az adatv\u00e9delmi el\u0151\u00edr\u00e1sok betartat\u00e1s\u00e1t illet\u0151en. Egyfel\u0151l er\u0151s\u00edtette a nemzeti adatv\u00e9delmi hat\u00f3s\u00e1gok szerep\u00e9t. Ez Magyarorsz\u00e1gon a Nemzeti Adatv\u00e9delmi \u00e9s Inform\u00e1ci\u00f3szabads\u00e1g Hat\u00f3s\u00e1g, vagy r\u00f6viden NAIH. M\u00e1sfel\u0151l pedig a jogalkot\u00f3 egys\u00e9gesen magas k\u00f6zigazgat\u00e1si b\u00edrs\u00e1gokat helyezett [&hellip;]\" \/>\n<meta property=\"og:url\" content=\"https:\/\/dataprotectionsolutions.hu\/en\/milyen-kovetkezmenyekkel-jar-ha-megsertem-a-gdpr-t\/\" \/>\n<meta property=\"og:site_name\" content=\"Data Protection Solutions\" \/>\n<meta property=\"article:modified_time\" content=\"2021-07-20T08:15:38+00:00\" \/>\n<meta name=\"twitter:card\" content=\"summary_large_image\" \/>\n<meta name=\"twitter:label1\" content=\"Est. reading time\" \/>\n\t<meta name=\"twitter:data1\" content=\"2 minutes\" \/>\n<script type=\"application\/ld+json\" class=\"yoast-schema-graph\">{\"@context\":\"https:\\\/\\\/schema.org\",\"@graph\":[{\"@type\":\"WebPage\",\"@id\":\"https:\\\/\\\/dataprotectionsolutions.hu\\\/milyen-kovetkezmenyekkel-jar-ha-megsertem-a-gdpr-t\\\/\",\"url\":\"https:\\\/\\\/dataprotectionsolutions.hu\\\/milyen-kovetkezmenyekkel-jar-ha-megsertem-a-gdpr-t\\\/\",\"name\":\"Milyen k\u00f6vetkezm\u00e9nyekkel j\u00e1r, ha megs\u00e9rtem a GDPR-t? &#8212; Data Protection Solutions\",\"isPartOf\":{\"@id\":\"https:\\\/\\\/dataprotectionsolutions.hu\\\/#website\"},\"datePublished\":\"2021-06-21T11:42:27+00:00\",\"dateModified\":\"2021-07-20T08:15:38+00:00\",\"breadcrumb\":{\"@id\":\"https:\\\/\\\/dataprotectionsolutions.hu\\\/milyen-kovetkezmenyekkel-jar-ha-megsertem-a-gdpr-t\\\/#breadcrumb\"},\"inLanguage\":\"en-US\",\"potentialAction\":[{\"@type\":\"ReadAction\",\"target\":[\"https:\\\/\\\/dataprotectionsolutions.hu\\\/milyen-kovetkezmenyekkel-jar-ha-megsertem-a-gdpr-t\\\/\"]}]},{\"@type\":\"BreadcrumbList\",\"@id\":\"https:\\\/\\\/dataprotectionsolutions.hu\\\/milyen-kovetkezmenyekkel-jar-ha-megsertem-a-gdpr-t\\\/#breadcrumb\",\"itemListElement\":[{\"@type\":\"ListItem\",\"position\":1,\"name\":\"Kezd\u0151lap\",\"item\":\"https:\\\/\\\/dataprotectionsolutions.hu\\\/\"},{\"@type\":\"ListItem\",\"position\":2,\"name\":\"Milyen k\u00f6vetkezm\u00e9nyekkel j\u00e1r, ha megs\u00e9rtem a GDPR-t?\"}]},{\"@type\":\"WebSite\",\"@id\":\"https:\\\/\\\/dataprotectionsolutions.hu\\\/#website\",\"url\":\"https:\\\/\\\/dataprotectionsolutions.hu\\\/\",\"name\":\"Data Protection Solutions\",\"description\":\"Adatv\u00e9delmi tan\u00e1csad\u00e1s\",\"publisher\":{\"@id\":\"https:\\\/\\\/dataprotectionsolutions.hu\\\/#organization\"},\"potentialAction\":[{\"@type\":\"SearchAction\",\"target\":{\"@type\":\"EntryPoint\",\"urlTemplate\":\"https:\\\/\\\/dataprotectionsolutions.hu\\\/?s={search_term_string}\"},\"query-input\":{\"@type\":\"PropertyValueSpecification\",\"valueRequired\":true,\"valueName\":\"search_term_string\"}}],\"inLanguage\":\"en-US\"},{\"@type\":\"Organization\",\"@id\":\"https:\\\/\\\/dataprotectionsolutions.hu\\\/#organization\",\"name\":\"Data Protection Solutions\",\"url\":\"https:\\\/\\\/dataprotectionsolutions.hu\\\/\",\"logo\":{\"@type\":\"ImageObject\",\"inLanguage\":\"en-US\",\"@id\":\"https:\\\/\\\/dataprotectionsolutions.hu\\\/#\\\/schema\\\/logo\\\/image\\\/\",\"url\":\"https:\\\/\\\/dataprotectionsolutions.hu\\\/wp-content\\\/uploads\\\/2021\\\/06\\\/logo_finalkek_szoveggel-hatter.png\",\"contentUrl\":\"https:\\\/\\\/dataprotectionsolutions.hu\\\/wp-content\\\/uploads\\\/2021\\\/06\\\/logo_finalkek_szoveggel-hatter.png\",\"width\":1605,\"height\":1560,\"caption\":\"Data Protection Solutions\"},\"image\":{\"@id\":\"https:\\\/\\\/dataprotectionsolutions.hu\\\/#\\\/schema\\\/logo\\\/image\\\/\"}}]}<\/script>\n<!-- \/ Yoast SEO plugin. -->","yoast_head_json":{"title":"Milyen k\u00f6vetkezm\u00e9nyekkel j\u00e1r, ha megs\u00e9rtem a GDPR-t? &#8212; Data Protection Solutions","robots":{"index":"index","follow":"follow","max-snippet":"max-snippet:-1","max-image-preview":"max-image-preview:large","max-video-preview":"max-video-preview:-1"},"canonical":"https:\/\/dataprotectionsolutions.hu\/en\/milyen-kovetkezmenyekkel-jar-ha-megsertem-a-gdpr-t\/","og_locale":"en_US","og_type":"article","og_title":"Milyen k\u00f6vetkezm\u00e9nyekkel j\u00e1r, ha megs\u00e9rtem a GDPR-t? &#8212; Data Protection Solutions","og_description":"Milyen k\u00f6vetkezm\u00e9nyekkel j\u00e1r, ha megs\u00e9rtem a GDPR-t? A GDPR, vagyis az Eur\u00f3pai Uni\u00f3 \u00c1ltal\u00e1nos Adatv\u00e9delmi Rendelete a kor\u00e1bbiakhoz k\u00e9pest l\u00e9nyegesen szigor\u00fabb szab\u00e1lyokat hozott az adatv\u00e9delmi el\u0151\u00edr\u00e1sok betartat\u00e1s\u00e1t illet\u0151en. Egyfel\u0151l er\u0151s\u00edtette a nemzeti adatv\u00e9delmi hat\u00f3s\u00e1gok szerep\u00e9t. Ez Magyarorsz\u00e1gon a Nemzeti Adatv\u00e9delmi \u00e9s Inform\u00e1ci\u00f3szabads\u00e1g Hat\u00f3s\u00e1g, vagy r\u00f6viden NAIH. M\u00e1sfel\u0151l pedig a jogalkot\u00f3 egys\u00e9gesen magas k\u00f6zigazgat\u00e1si b\u00edrs\u00e1gokat helyezett [&hellip;]","og_url":"https:\/\/dataprotectionsolutions.hu\/en\/milyen-kovetkezmenyekkel-jar-ha-megsertem-a-gdpr-t\/","og_site_name":"Data Protection Solutions","article_modified_time":"2021-07-20T08:15:38+00:00","twitter_card":"summary_large_image","twitter_misc":{"Est. reading time":"2 minutes"},"schema":{"@context":"https:\/\/schema.org","@graph":[{"@type":"WebPage","@id":"https:\/\/dataprotectionsolutions.hu\/milyen-kovetkezmenyekkel-jar-ha-megsertem-a-gdpr-t\/","url":"https:\/\/dataprotectionsolutions.hu\/milyen-kovetkezmenyekkel-jar-ha-megsertem-a-gdpr-t\/","name":"Milyen k\u00f6vetkezm\u00e9nyekkel j\u00e1r, ha megs\u00e9rtem a GDPR-t? &#8212; Data Protection Solutions","isPartOf":{"@id":"https:\/\/dataprotectionsolutions.hu\/#website"},"datePublished":"2021-06-21T11:42:27+00:00","dateModified":"2021-07-20T08:15:38+00:00","breadcrumb":{"@id":"https:\/\/dataprotectionsolutions.hu\/milyen-kovetkezmenyekkel-jar-ha-megsertem-a-gdpr-t\/#breadcrumb"},"inLanguage":"en-US","potentialAction":[{"@type":"ReadAction","target":["https:\/\/dataprotectionsolutions.hu\/milyen-kovetkezmenyekkel-jar-ha-megsertem-a-gdpr-t\/"]}]},{"@type":"BreadcrumbList","@id":"https:\/\/dataprotectionsolutions.hu\/milyen-kovetkezmenyekkel-jar-ha-megsertem-a-gdpr-t\/#breadcrumb","itemListElement":[{"@type":"ListItem","position":1,"name":"Kezd\u0151lap","item":"https:\/\/dataprotectionsolutions.hu\/"},{"@type":"ListItem","position":2,"name":"Milyen k\u00f6vetkezm\u00e9nyekkel j\u00e1r, ha megs\u00e9rtem a GDPR-t?"}]},{"@type":"WebSite","@id":"https:\/\/dataprotectionsolutions.hu\/#website","url":"https:\/\/dataprotectionsolutions.hu\/","name":"Data Protection Solutions","description":"Data protection consultancy","publisher":{"@id":"https:\/\/dataprotectionsolutions.hu\/#organization"},"potentialAction":[{"@type":"SearchAction","target":{"@type":"EntryPoint","urlTemplate":"https:\/\/dataprotectionsolutions.hu\/?s={search_term_string}"},"query-input":{"@type":"PropertyValueSpecification","valueRequired":true,"valueName":"search_term_string"}}],"inLanguage":"en-US"},{"@type":"Organization","@id":"https:\/\/dataprotectionsolutions.hu\/#organization","name":"Data Protection Solutions","url":"https:\/\/dataprotectionsolutions.hu\/","logo":{"@type":"ImageObject","inLanguage":"en-US","@id":"https:\/\/dataprotectionsolutions.hu\/#\/schema\/logo\/image\/","url":"https:\/\/dataprotectionsolutions.hu\/wp-content\/uploads\/2021\/06\/logo_finalkek_szoveggel-hatter.png","contentUrl":"https:\/\/dataprotectionsolutions.hu\/wp-content\/uploads\/2021\/06\/logo_finalkek_szoveggel-hatter.png","width":1605,"height":1560,"caption":"Data Protection Solutions"},"image":{"@id":"https:\/\/dataprotectionsolutions.hu\/#\/schema\/logo\/image\/"}}]}},"_links":{"self":[{"href":"https:\/\/dataprotectionsolutions.hu\/en\/wp-json\/wp\/v2\/pages\/3245","targetHints":{"allow":["GET"]}}],"collection":[{"href":"https:\/\/dataprotectionsolutions.hu\/en\/wp-json\/wp\/v2\/pages"}],"about":[{"href":"https:\/\/dataprotectionsolutions.hu\/en\/wp-json\/wp\/v2\/types\/page"}],"author":[{"embeddable":true,"href":"https:\/\/dataprotectionsolutions.hu\/en\/wp-json\/wp\/v2\/users\/1"}],"replies":[{"embeddable":true,"href":"https:\/\/dataprotectionsolutions.hu\/en\/wp-json\/wp\/v2\/comments?post=3245"}],"version-history":[{"count":0,"href":"https:\/\/dataprotectionsolutions.hu\/en\/wp-json\/wp\/v2\/pages\/3245\/revisions"}],"wp:attachment":[{"href":"https:\/\/dataprotectionsolutions.hu\/en\/wp-json\/wp\/v2\/media?parent=3245"}],"curies":[{"name":"wp","href":"https:\/\/api.w.org\/{rel}","templated":true}]}}